{"id":78,"date":"2025-10-16T12:39:06","date_gmt":"2025-10-16T10:39:06","guid":{"rendered":"http:\/\/localhost:8888\/portfolio\/?page_id=78"},"modified":"2025-11-07T00:14:41","modified_gmt":"2025-11-06T23:14:41","slug":"video-para-la-exposicion-tota-pedra-fa-paret-la-pedra-seca-a-catalunya","status":"publish","type":"page","link":"https:\/\/coraciuraneta.com\/index.php\/video-para-la-exposicion-tota-pedra-fa-paret-la-pedra-seca-a-catalunya\/","title":{"rendered":"VIDEO TOTA PEDRA FA PARET: LA PEDRA SECA A CATALUNYA"},"content":{"rendered":"<style>\n*{\nmargin: 0.18rem;\n}\n<\/style>\n\n\n<div style=\"height:25px\" aria-hidden=\"true\" class=\"wp-block-spacer\"><\/div>\n\n\n\n<p class=\"has-medium-font-size\">La Associaci\u00f3 Pedra Seca d\u2019Amics de Montorn\u00e8s de La Pobla de Montorn\u00e8s trajo al pueblo la exposici\u00f3n T<em>ota Pedra fa Paret: la pedra seca a Catalunya<\/em>. Esta exposici\u00f3n iba dedicada a poner en valor la antigua t\u00e9cnica tradicional de construcci\u00f3n con piedra seca, un tesoro cultural inmaterial reconocido por la UNESCO.&nbsp;<\/p>\n\n\n\n<p class=\"has-medium-font-size\">En este video se queria transmitir y compartir la preocupaci\u00f3n por el estado de las construcciones de piedra seca en el municipio, dar a conocer esta exposici\u00f3n, destacar los esfuerzos que se realizan para su preservaci\u00f3n y poner en valor el patrimonio que tenemos en La Pobla de Montorn\u00e8s. <\/p>\n\n\n\n<p class=\"has-medium-font-size\">El v\u00eddeo fu\u00e9 mostrado en la inaguraci\u00f3n de la exposici\u00f3n el 04\/09\/2025 y durante la exposici\u00f3n que estuvo activa entre el 6\/09\/2025 hasta el 14\/09\/2025 en el Casal d&#8217;Amics de Montorn\u00e8s en La Pobla de Montorn\u00e8s.<\/p>\n\n\n\n<figure class=\"wp-block-embed is-type-video is-provider-youtube wp-block-embed-youtube wp-embed-aspect-16-9 wp-has-aspect-ratio\" style=\"margin-top:var(--wp--preset--spacing--40);margin-bottom:var(--wp--preset--spacing--40)\"><div class=\"wp-block-embed__wrapper\">\n<iframe loading=\"lazy\" title=\"Video Tota Pedra fa Paret: la pedra seca a Catalunya\" width=\"500\" height=\"281\" src=\"https:\/\/www.youtube.com\/embed\/hPHE6fC1PI8?feature=oembed\" frameborder=\"0\" allow=\"accelerometer; autoplay; clipboard-write; encrypted-media; gyroscope; picture-in-picture; web-share\" referrerpolicy=\"strict-origin-when-cross-origin\" allowfullscreen><\/iframe>\n<\/div><figcaption class=\"wp-element-caption\">Video documental de 2 minutos proyectado durante la exposici\u00f3n Tota Pedra fa Paret: la pedra seca a Catalunya.<\/figcaption><\/figure>\n\n\n\n<h3 class=\"wp-block-heading has-large-font-size\"><strong>PROCESO CREATIVO<\/strong><\/h3>\n\n\n\n<p class=\"has-medium-font-size\">Con una selecci\u00f3n de fotos y un guion con las ideas clave que me proporcion\u00f3 la asociaci\u00f3n, me puse manos a la obra para crear un relato visual que acompa\u00f1ara el texto.&nbsp; Sin unas indicaciones especificas sobre qu\u00e9 im\u00e1genes usar en cada parte, escog\u00ed las imagenes que pod\u00edan ir mejor y organic\u00e9 el contenido para que las fotos reforzaran el mensaje sobre la importancia de la piedra seca en el municipio, buscando una conexi\u00f3n emotiva con el espectador.<\/p>\n\n\n\n<p class=\"has-medium-font-size\">Con la ayuda de un compa\u00f1ero, que grab\u00f3 el texto narrativo siguiendo el guion de la asociaci\u00f3n, puede&nbsp; ajustar el montaje, sincronizando perfectamente la voz con las im\u00e1genes para que todo fluyera a la perfecci\u00f3n, respetando el ritmo y las intenciones del discurso.&nbsp; Para acabar, a\u00f1ad\u00ed los subt\u00edtulos y realic\u00e9 los \u00faltimos retoques de edici\u00f3n, asegur\u00e1ndome de que la presentaci\u00f3n fuera clara y accesible para todos durante la exposici\u00f3n.<\/p>\n\n\n\n<h3 class=\"wp-block-heading has-large-font-size\" style=\"margin-top:var(--wp--preset--spacing--40);margin-bottom:var(--wp--preset--spacing--40)\"><strong>IM\u00c1GENES DE LA EXPOSICI\u00d3N<\/strong><\/h3>\n\n\n\n<figure class=\"wp-block-gallery has-nested-images columns-4 is-cropped wp-block-gallery-1 is-layout-flex wp-block-gallery-is-layout-flex\">\n<figure data-wp-context=\"{&quot;imageId&quot;:&quot;69ec7dd6daa4e&quot;}\" data-wp-interactive=\"core\/image\" data-wp-key=\"69ec7dd6daa4e\" class=\"wp-block-image size-large wp-lightbox-container\"><img loading=\"lazy\" decoding=\"async\" width=\"1024\" height=\"1024\" data-wp-class--hide=\"state.isContentHidden\" data-wp-class--show=\"state.isContentVisible\" data-wp-init=\"callbacks.setButtonStyles\" data-wp-on--click=\"actions.showLightbox\" data-wp-on--load=\"callbacks.setButtonStyles\" data-wp-on-window--resize=\"callbacks.setButtonStyles\" data-id=\"92\" src=\"https:\/\/coraciuraneta.com\/wp-content\/uploads\/2025\/10\/Tota-Pedra-Fa-Paret-1024x1024.jpeg\" alt=\"Cartel informativo de la exposici\u00f3n Tota Pedra fa Paret: La Pedra Seca a Catalunya. Se indican las fechas del 6 al 14 de septiembre de 2025 en el Casal d\u2019Amics de Montorn\u00e8s, C\/ Major 31, La Pobla de Montorn\u00e8s. Horario: s\u00e1bados, domingos y festivos de 10 a 13 h y de 17 a 20 h; laborables de 17 a 20 h. Inauguraci\u00f3n el jueves 4 de septiembre a las 19 h, presidida por las autoridades y presentada por Ant\u00f3n Salvador (APSAT). Incluye una mesa redonda La Pedra Seca a la Pobla de Montorn\u00e8s el mi\u00e9rcoles 10 de septiembre a las 19 h con Ant\u00f3n Salvador, Josep Borrut, Josep G\u00fcell y miembros del Grup Pedra Seca local. Organiza el Departament de Cultura de la Generalitat de Catalunya y APSAT, con la colaboraci\u00f3n de Amics de Montorn\u00e8s y el Ayuntamiento de La Pobla de Montorn\u00e8s.\" class=\"wp-image-92\" srcset=\"https:\/\/coraciuraneta.com\/wp-content\/uploads\/2025\/10\/Tota-Pedra-Fa-Paret-1024x1024.jpeg 1024w, https:\/\/coraciuraneta.com\/wp-content\/uploads\/2025\/10\/Tota-Pedra-Fa-Paret-300x300.jpeg 300w, https:\/\/coraciuraneta.com\/wp-content\/uploads\/2025\/10\/Tota-Pedra-Fa-Paret-150x150.jpeg 150w, https:\/\/coraciuraneta.com\/wp-content\/uploads\/2025\/10\/Tota-Pedra-Fa-Paret-768x768.jpeg 768w, https:\/\/coraciuraneta.com\/wp-content\/uploads\/2025\/10\/Tota-Pedra-Fa-Paret.jpeg 1080w\" sizes=\"auto, (max-width: 1024px) 100vw, 1024px\" \/><button\n\t\t\tclass=\"lightbox-trigger\"\n\t\t\ttype=\"button\"\n\t\t\taria-haspopup=\"dialog\"\n\t\t\taria-label=\"Agrandar\"\n\t\t\tdata-wp-init=\"callbacks.initTriggerButton\"\n\t\t\tdata-wp-on--click=\"actions.showLightbox\"\n\t\t\tdata-wp-style--right=\"state.imageButtonRight\"\n\t\t\tdata-wp-style--top=\"state.imageButtonTop\"\n\t\t>\n\t\t\t<svg xmlns=\"http:\/\/www.w3.org\/2000\/svg\" width=\"12\" height=\"12\" fill=\"none\" viewBox=\"0 0 12 12\">\n\t\t\t\t<path fill=\"#fff\" d=\"M2 0a2 2 0 0 0-2 2v2h1.5V2a.5.5 0 0 1 .5-.5h2V0H2Zm2 10.5H2a.5.5 0 0 1-.5-.5V8H0v2a2 2 0 0 0 2 2h2v-1.5ZM8 12v-1.5h2a.5.5 0 0 0 .5-.5V8H12v2a2 2 0 0 1-2 2H8Zm2-12a2 2 0 0 1 2 2v2h-1.5V2a.5.5 0 0 0-.5-.5H8V0h2Z\" \/>\n\t\t\t<\/svg>\n\t\t<\/button><\/figure>\n\n\n\n<figure data-wp-context=\"{&quot;imageId&quot;:&quot;69ec7dd6dad31&quot;}\" data-wp-interactive=\"core\/image\" data-wp-key=\"69ec7dd6dad31\" class=\"wp-block-image size-full wp-lightbox-container\"><img loading=\"lazy\" decoding=\"async\" width=\"2048\" height=\"1536\" data-wp-class--hide=\"state.isContentHidden\" data-wp-class--show=\"state.isContentVisible\" data-wp-init=\"callbacks.setButtonStyles\" data-wp-on--click=\"actions.showLightbox\" data-wp-on--load=\"callbacks.setButtonStyles\" data-wp-on-window--resize=\"callbacks.setButtonStyles\" data-id=\"94\" src=\"https:\/\/coraciuraneta.com\/wp-content\/uploads\/2025\/10\/Imatge-Video.jpeg\" alt=\"Fotograf\u00eda oscura con varios asistentes sentados observando un video proyectado en una pantalla central, donde se muestra fotograma del mapa de Catalu\u00f1a con puntos marcados de construcciones de piedra seca, extra\u00eddo de la web Wikipedra.\" class=\"wp-image-94\" srcset=\"https:\/\/coraciuraneta.com\/wp-content\/uploads\/2025\/10\/Imatge-Video.jpeg 2048w, https:\/\/coraciuraneta.com\/wp-content\/uploads\/2025\/10\/Imatge-Video-300x225.jpeg 300w, https:\/\/coraciuraneta.com\/wp-content\/uploads\/2025\/10\/Imatge-Video-1024x768.jpeg 1024w, https:\/\/coraciuraneta.com\/wp-content\/uploads\/2025\/10\/Imatge-Video-768x576.jpeg 768w, https:\/\/coraciuraneta.com\/wp-content\/uploads\/2025\/10\/Imatge-Video-1536x1152.jpeg 1536w\" sizes=\"auto, (max-width: 2048px) 100vw, 2048px\" \/><button\n\t\t\tclass=\"lightbox-trigger\"\n\t\t\ttype=\"button\"\n\t\t\taria-haspopup=\"dialog\"\n\t\t\taria-label=\"Agrandar\"\n\t\t\tdata-wp-init=\"callbacks.initTriggerButton\"\n\t\t\tdata-wp-on--click=\"actions.showLightbox\"\n\t\t\tdata-wp-style--right=\"state.imageButtonRight\"\n\t\t\tdata-wp-style--top=\"state.imageButtonTop\"\n\t\t>\n\t\t\t<svg xmlns=\"http:\/\/www.w3.org\/2000\/svg\" width=\"12\" height=\"12\" fill=\"none\" viewBox=\"0 0 12 12\">\n\t\t\t\t<path fill=\"#fff\" d=\"M2 0a2 2 0 0 0-2 2v2h1.5V2a.5.5 0 0 1 .5-.5h2V0H2Zm2 10.5H2a.5.5 0 0 1-.5-.5V8H0v2a2 2 0 0 0 2 2h2v-1.5ZM8 12v-1.5h2a.5.5 0 0 0 .5-.5V8H12v2a2 2 0 0 1-2 2H8Zm2-12a2 2 0 0 1 2 2v2h-1.5V2a.5.5 0 0 0-.5-.5H8V0h2Z\" \/>\n\t\t\t<\/svg>\n\t\t<\/button><\/figure>\n\n\n\n<figure data-wp-context=\"{&quot;imageId&quot;:&quot;69ec7dd6dafc3&quot;}\" data-wp-interactive=\"core\/image\" data-wp-key=\"69ec7dd6dafc3\" class=\"wp-block-image size-large wp-lightbox-container\"><img loading=\"lazy\" decoding=\"async\" width=\"1024\" height=\"768\" data-wp-class--hide=\"state.isContentHidden\" data-wp-class--show=\"state.isContentVisible\" data-wp-init=\"callbacks.setButtonStyles\" data-wp-on--click=\"actions.showLightbox\" data-wp-on--load=\"callbacks.setButtonStyles\" data-wp-on-window--resize=\"callbacks.setButtonStyles\" data-id=\"93\" src=\"https:\/\/coraciuraneta.com\/wp-content\/uploads\/2025\/10\/Maquetas-1024x768.jpeg\" alt=\"Fotograf\u00eda de una mesa con dos maquetas hechas a mano: una representa un terreno y la otra un pozo con dos barracas de piedra seca. Sobre la mesa hay un dosier sobre las construcciones de piedra seca de La Pobla de Montorn\u00e8s y formularios para hacerse socio del Grup de la Pedra Seca de La Pobla de Montorn\u00e8s. Alrededor se ven cajas con distintos tipos de piedra para observar sus diferencias.\" class=\"wp-image-93\" srcset=\"https:\/\/coraciuraneta.com\/wp-content\/uploads\/2025\/10\/Maquetas-1024x768.jpeg 1024w, https:\/\/coraciuraneta.com\/wp-content\/uploads\/2025\/10\/Maquetas-300x225.jpeg 300w, https:\/\/coraciuraneta.com\/wp-content\/uploads\/2025\/10\/Maquetas-768x576.jpeg 768w, https:\/\/coraciuraneta.com\/wp-content\/uploads\/2025\/10\/Maquetas-1536x1152.jpeg 1536w, https:\/\/coraciuraneta.com\/wp-content\/uploads\/2025\/10\/Maquetas.jpeg 2048w\" sizes=\"auto, (max-width: 1024px) 100vw, 1024px\" \/><button\n\t\t\tclass=\"lightbox-trigger\"\n\t\t\ttype=\"button\"\n\t\t\taria-haspopup=\"dialog\"\n\t\t\taria-label=\"Agrandar\"\n\t\t\tdata-wp-init=\"callbacks.initTriggerButton\"\n\t\t\tdata-wp-on--click=\"actions.showLightbox\"\n\t\t\tdata-wp-style--right=\"state.imageButtonRight\"\n\t\t\tdata-wp-style--top=\"state.imageButtonTop\"\n\t\t>\n\t\t\t<svg xmlns=\"http:\/\/www.w3.org\/2000\/svg\" width=\"12\" height=\"12\" fill=\"none\" viewBox=\"0 0 12 12\">\n\t\t\t\t<path fill=\"#fff\" d=\"M2 0a2 2 0 0 0-2 2v2h1.5V2a.5.5 0 0 1 .5-.5h2V0H2Zm2 10.5H2a.5.5 0 0 1-.5-.5V8H0v2a2 2 0 0 0 2 2h2v-1.5ZM8 12v-1.5h2a.5.5 0 0 0 .5-.5V8H12v2a2 2 0 0 1-2 2H8Zm2-12a2 2 0 0 1 2 2v2h-1.5V2a.5.5 0 0 0-.5-.5H8V0h2Z\" \/>\n\t\t\t<\/svg>\n\t\t<\/button><\/figure>\n\n\n\n<figure data-wp-context=\"{&quot;imageId&quot;:&quot;69ec7dd6db226&quot;}\" data-wp-interactive=\"core\/image\" data-wp-key=\"69ec7dd6db226\" class=\"wp-block-image size-large wp-lightbox-container\"><img loading=\"lazy\" decoding=\"async\" width=\"1024\" height=\"768\" data-wp-class--hide=\"state.isContentHidden\" data-wp-class--show=\"state.isContentVisible\" data-wp-init=\"callbacks.setButtonStyles\" data-wp-on--click=\"actions.showLightbox\" data-wp-on--load=\"callbacks.setButtonStyles\" data-wp-on-window--resize=\"callbacks.setButtonStyles\" data-id=\"95\" src=\"https:\/\/coraciuraneta.com\/wp-content\/uploads\/2025\/10\/Exposicio-1024x768.jpeg\" alt=\"Fotograf\u00eda de la sala de la exposici\u00f3n con varios asistentes, una pantalla al fondo con im\u00e1genes proyectadas y los roll-ups informativos de la muestra.\" class=\"wp-image-95\" srcset=\"https:\/\/coraciuraneta.com\/wp-content\/uploads\/2025\/10\/Exposicio-1024x768.jpeg 1024w, https:\/\/coraciuraneta.com\/wp-content\/uploads\/2025\/10\/Exposicio-300x225.jpeg 300w, https:\/\/coraciuraneta.com\/wp-content\/uploads\/2025\/10\/Exposicio-768x576.jpeg 768w, https:\/\/coraciuraneta.com\/wp-content\/uploads\/2025\/10\/Exposicio-1536x1152.jpeg 1536w, https:\/\/coraciuraneta.com\/wp-content\/uploads\/2025\/10\/Exposicio.jpeg 2048w\" sizes=\"auto, (max-width: 1024px) 100vw, 1024px\" \/><button\n\t\t\tclass=\"lightbox-trigger\"\n\t\t\ttype=\"button\"\n\t\t\taria-haspopup=\"dialog\"\n\t\t\taria-label=\"Agrandar\"\n\t\t\tdata-wp-init=\"callbacks.initTriggerButton\"\n\t\t\tdata-wp-on--click=\"actions.showLightbox\"\n\t\t\tdata-wp-style--right=\"state.imageButtonRight\"\n\t\t\tdata-wp-style--top=\"state.imageButtonTop\"\n\t\t>\n\t\t\t<svg xmlns=\"http:\/\/www.w3.org\/2000\/svg\" width=\"12\" height=\"12\" fill=\"none\" viewBox=\"0 0 12 12\">\n\t\t\t\t<path fill=\"#fff\" d=\"M2 0a2 2 0 0 0-2 2v2h1.5V2a.5.5 0 0 1 .5-.5h2V0H2Zm2 10.5H2a.5.5 0 0 1-.5-.5V8H0v2a2 2 0 0 0 2 2h2v-1.5ZM8 12v-1.5h2a.5.5 0 0 0 .5-.5V8H12v2a2 2 0 0 1-2 2H8Zm2-12a2 2 0 0 1 2 2v2h-1.5V2a.5.5 0 0 0-.5-.5H8V0h2Z\" \/>\n\t\t\t<\/svg>\n\t\t<\/button><\/figure>\n<\/figure>\n\n\n\n<p><\/p>\n","protected":false},"excerpt":{"rendered":"<p>La Associaci\u00f3 Pedra Seca d\u2019Amics de Montorn\u00e8s de La Pobla de Montorn\u00e8s trajo al pueblo la exposici\u00f3n Tota Pedra fa Paret: la pedra seca a Catalunya. Esta exposici\u00f3n iba dedicada a poner en valor la antigua t\u00e9cnica tradicional de construcci\u00f3n con piedra seca, un tesoro cultural inmaterial reconocido por la UNESCO.&nbsp; En este video se [&hellip;]<\/p>\n","protected":false},"author":1,"featured_media":0,"parent":0,"menu_order":0,"comment_status":"closed","ping_status":"closed","template":"","meta":{"footnotes":""},"class_list":["post-78","page","type-page","status-publish","hentry"],"_links":{"self":[{"href":"https:\/\/coraciuraneta.com\/index.php\/wp-json\/wp\/v2\/pages\/78","targetHints":{"allow":["GET"]}}],"collection":[{"href":"https:\/\/coraciuraneta.com\/index.php\/wp-json\/wp\/v2\/pages"}],"about":[{"href":"https:\/\/coraciuraneta.com\/index.php\/wp-json\/wp\/v2\/types\/page"}],"author":[{"embeddable":true,"href":"https:\/\/coraciuraneta.com\/index.php\/wp-json\/wp\/v2\/users\/1"}],"replies":[{"embeddable":true,"href":"https:\/\/coraciuraneta.com\/index.php\/wp-json\/wp\/v2\/comments?post=78"}],"version-history":[{"count":20,"href":"https:\/\/coraciuraneta.com\/index.php\/wp-json\/wp\/v2\/pages\/78\/revisions"}],"predecessor-version":[{"id":524,"href":"https:\/\/coraciuraneta.com\/index.php\/wp-json\/wp\/v2\/pages\/78\/revisions\/524"}],"wp:attachment":[{"href":"https:\/\/coraciuraneta.com\/index.php\/wp-json\/wp\/v2\/media?parent=78"}],"curies":[{"name":"wp","href":"https:\/\/api.w.org\/{rel}","templated":true}]}}